{"id":26245,"date":"2023-04-25T11:48:01","date_gmt":"2023-04-25T15:48:01","guid":{"rendered":"https:\/\/elearning.wfh.org\/resource\/cumbre-mundial-sobre-politicas-y-acceso-a-tratamiento-2022\/"},"modified":"2024-11-13T12:43:38","modified_gmt":"2024-11-13T16:43:38","slug":"cumbre-mundial-sobre-politicas-y-acceso-a-tratamiento-2022","status":"publish","type":"resource","link":"https:\/\/elearning.wfh.org\/es\/resource\/cumbre-mundial-sobre-politicas-y-acceso-a-tratamiento-2022\/","title":{"rendered":"Cumbre mundial sobre pol\u00edticas y acceso a tratamiento 2022"},"content":{"rendered":"<p class=\"clamp_p\" style=\"margin-bottom: 2em;\">Las presentaciones y conversaciones de la segunda edici\u00f3n de la Cumbre mundial de la FMH sobre pol\u00edticas y acceso a tratamiento (GPAS por su sigla en ingl\u00e9s) giran en torno a la mejora de la atenci\u00f3n y el acceso al tratamiento. Estas cuentan con ponentes y participantes de organizaciones aliadas locales e internacionales, representantes de gobiernos nacionales, profesionales de la salud, l\u00edderes de ONM de la FMH, y defensores de la comunidad de trastornos de la coagulaci\u00f3n.<\/p>\n<div class=\"alert alert-danger\" style=\"color: #333333!important; border-color: #fedede; background-color: #fdeaea; padding: 1em 1em 1em 4em; position: relative; margin-top: 1em; margin-bottom: 2em!important;\">\n<div style=\"bottom: 0; left: 0; position: absolute; top: 0; width: 4em; color: #ff7877;\">\n<p class=\"fa fa-info-circle\" style=\"left: 50%; top: 50%; position: absolute; transform: translate(-50%, -50%); font-size: 1.7em;\">\n<\/div>\n<p class=\"clamp_p\">La FMH no se compromete en la pr\u00e1ctica de la medicina y en ning\u00fan caso recomienda un tratamiento particular para individuos espec\u00edficos. Para el diagn\u00f3stico o consulta de un problema m\u00e9dico espec\u00edfico, la FMH recomienda que se ponga en contacto con su m\u00e9dico o con el centro de tratamiento local. Antes de administrar cualquier producto, la FMH insta a los pacientes a que comprueben las dosis con un m\u00e9dico o con el personal del centro de hemofilia, y a que consulten las instrucciones impresas de la compa\u00f1\u00eda farmac\u00e9utica.<\/p>\n<p class=\"clamp_p\">La FMH no promueve ning\u00fan producto farmac\u00e9utico en particular y cualquier menci\u00f3n de una marca comercial en esta presentaci\u00f3n es estrictamente con fines educativos.<\/p>\n<\/div>\n<div id=\"accordion\">\n<div class=\"card\" style=\"margin-bottom: .5em;\">\n<div id=\"headingOne\" class=\"card-header\">\n<h5 class=\"mb-0\"><button class=\"btn btn-link btn-acc\" data-toggle=\"collapse\" data-target=\"#collapseOne\" aria-expanded=\"true\" aria-controls=\"collapseOne\">Plenaria de apertura<\/button><\/h5>\n<\/div>\n<div id=\"collapseOne\" class=\"collapse\" aria-labelledby=\"headingOne\" data-parent=\"#accordion\">\n<div class=\"card-body\">\n<p class=\"\">La plenaria de apertura de la Cumbre mundial sobre pol\u00edticas y acceso a tratamiento 2022 cuenta con la participaci\u00f3n de Alain Baumann (Canad\u00e1), Cesar Garrido (Venezuela) y Lieven Anemans (B\u00e9lgica).<\/p>\n<div style=\"margin-top: 1em; padding: 56.25% 0 0 0; position: relative;\"><iframe style=\"position: absolute; top: 0; left: 0; width: 100%; height: 100%; border: 1px solid #d8d8d8;\" src=\"https:\/\/player.vimeo.com\/video\/772154845?h=e49dd16248&#038;byline=0&#038;portrait=0\" width=\"640\" height=\"360\" frameborder=\"0\" allowfullscreen=\"allowfullscreen\"><\/iframe><\/div>\n<\/div>\n<\/div>\n<\/div>\n<div class=\"card\" style=\"margin-bottom: .5em;\">\n<div id=\"headingTwo\" class=\"card-header\">\n<h5 class=\"mb-0\"><button class=\"btn btn-link btn-acc collapsed\" data-toggle=\"collapse\" data-target=\"#collapseTwo\" aria-expanded=\"false\" aria-controls=\"collapseTwo\">Toma de decisiones e incidencia en pol\u00edticas de salud<\/button><\/h5>\n<\/div>\n<div id=\"collapseTwo\" class=\"collapse\" aria-labelledby=\"headingTwo\" data-parent=\"#accordion\">\n<div class=\"card-body\">\n<p class=\"\">Esta sesi\u00f3n educativa de la Cumbre mundial sobre pol\u00edticas y acceso a tratamiento 2022 cuenta con la participaci\u00f3n de Dawn Rotellini (Estados Unitos), Jamie O&#8217;Hara (Reino Unido), Bradley Rayner (Sud\u00e1frica), y Clive Smith (Reino Unido).<\/p>\n<div style=\"margin-top: 1em; padding: 56.25% 0 0 0; position: relative;\"><iframe style=\"position: absolute; top: 0; left: 0; width: 100%; height: 100%; border: 1px solid #d8d8d8;\" src=\"https:\/\/player.vimeo.com\/video\/773572641?h=94ba38482f&#038;byline=0&#038;portrait=0\" width=\"640\" height=\"360\" frameborder=\"0\" allowfullscreen=\"allowfullscreen\"><\/iframe><\/div>\n<\/div>\n<\/div>\n<\/div>\n<div class=\"card\" style=\"margin-bottom: .5em;\">\n<div id=\"headingThree\" class=\"card-header\">\n<h5 class=\"mb-0\"><button class=\"btn btn-link btn-acc collapsed\" data-toggle=\"collapse\" data-target=\"#collapseThree\" aria-expanded=\"false\" aria-controls=\"collapseThree\">Alrededor del mundo en 60 minutos: Qu\u00e9 ha funcionado bien en iniciativas de cabildeo y cu\u00e1les son las lecciones aprendidas<\/button><\/h5>\n<\/div>\n<div id=\"collapseThree\" class=\"collapse\" aria-labelledby=\"headingThree\" data-parent=\"#accordion\">\n<div class=\"card-body\">\n<p class=\"\">La sesi\u00f3n rel\u00e1mpago de la Cumbre mundial sobre pol\u00edticas y acceso a tratamiento 2022 cuenta con la participaci\u00f3n de Juan Andr\u00e9s Pereira de Souza (Uruguay), Bill Robbie (Estados Unidos), Parimal Chandra Debnath (Bangladesh), Isabel Sorondo (Uruguay), y Jean-Claude Faber (Luxemburgo).<\/p>\n<div style=\"margin-top: 1em; padding: 56.25% 0 0 0; position: relative;\"><iframe style=\"position: absolute; top: 0; left: 0; width: 100%; height: 100%; border: 1px solid #d8d8d8;\" src=\"https:\/\/player.vimeo.com\/video\/772552115?h=a2480f6f64&#038;byline=0&#038;portrait=0\" width=\"640\" height=\"360\" frameborder=\"0\" allowfullscreen=\"allowfullscreen\"><\/iframe><\/div>\n<\/div>\n<\/div>\n<\/div>\n<div class=\"card\" style=\"margin-bottom: .5em;\">\n<div id=\"headingFour\" class=\"card-header\">\n<h5 class=\"mb-0\"><button class=\"btn btn-link btn-acc collapsed\" data-toggle=\"collapse\" data-target=\"#collapseFour\" aria-expanded=\"false\" aria-controls=\"collapseFour\">Mejorar el acceso: An\u00e1lisis de datos para documentar las decisiones sobre pol\u00edticas<\/button><\/h5>\n<\/div>\n<div id=\"collapseFour\" class=\"collapse\" aria-labelledby=\"headingFour\" data-parent=\"#accordion\">\n<div class=\"card-body\">\n<p class=\"\">Esta sesi\u00f3n educativa de la Cumbre mundial sobre pol\u00edticas y acceso a tratamiento 2022 cuenta con la participaci\u00f3n de Kate Khair (Reino Unido), Declan Noone (Irlanda), Jan Blatny (Rep\u00fablica Checa), Carisi Polanczyk (Brasil), y Victor Jimenez (Espa\u00f1a).<\/p>\n<div style=\"margin-top: 1em; padding: 56.25% 0 0 0; position: relative;\"><iframe style=\"position: absolute; top: 0; left: 0; width: 100%; height: 100%; border: 1px solid #d8d8d8;\" src=\"https:\/\/player.vimeo.com\/video\/773447155?h=281e987f46&#038;byline=0&#038;portrait=0\" width=\"640\" height=\"360\" frameborder=\"0\" allowfullscreen=\"allowfullscreen\"><\/iframe><\/div>\n<\/div>\n<\/div>\n<\/div>\n<div class=\"card\" style=\"margin-bottom: .5em;\">\n<div id=\"headingFive\" class=\"card-header\">\n<h5 class=\"mb-0\"><button class=\"btn btn-link btn-acc collapsed\" data-toggle=\"collapse\" data-target=\"#collapseFive\" aria-expanded=\"false\" aria-controls=\"collapseFive\">Mejorar las normas de atenci\u00f3n<\/button><\/h5>\n<\/div>\n<div id=\"collapseFive\" class=\"collapse\" aria-labelledby=\"headingFive\" data-parent=\"#accordion\">\n<div class=\"card-body\">\n<p class=\"\">La plenaria de la Cumbre mundial sobre pol\u00edticas y acceso a tratamiento 2022 cuenta con la participaci\u00f3n de Salome Mekhuzla (Canad\u00e1), Glenn Pierce (Estados Unidos), y Johnny Mahlangu (Sud\u00e1frica).<\/p>\n<div style=\"margin-top: 1em; padding: 56.25% 0 0 0; position: relative;\"><iframe style=\"position: absolute; top: 0; left: 0; width: 100%; height: 100%; border: 1px solid #d8d8d8;\" src=\"https:\/\/player.vimeo.com\/video\/773658227?h=1c7b77dae5&#038;byline=0&#038;portrait=0\" width=\"640\" height=\"360\" frameborder=\"0\" allowfullscreen=\"allowfullscreen\"><\/iframe><\/div>\n<\/div>\n<\/div>\n<\/div>\n<div class=\"card\" style=\"margin-bottom: .5em;\">\n<div id=\"headingSix\" class=\"card-header\">\n<h5 class=\"mb-0\"><button class=\"btn btn-link btn-acc collapsed\" data-toggle=\"collapse\" data-target=\"#collapseSix\" aria-expanded=\"false\" aria-controls=\"collapseSix\">Abordar las inequidades en el acceso: Rumbo a atenci\u00f3n y tratamiento asequibles<\/button><\/h5>\n<\/div>\n<div id=\"collapseSix\" class=\"collapse\" aria-labelledby=\"headingSix\" data-parent=\"#accordion\">\n<div class=\"card-body\">\n<p class=\"\">Esta sesi\u00f3n educativa de la Cumbre mundial sobre pol\u00edticas y acceso a tratamiento 2022 cuenta con la participaci\u00f3n de Donna Coffin (Canad\u00e1), Brian O&#8217;Mahony (Irlanda), Bernadette Cappello (Suiza), Dejan Petrovic (Serbia), y Ekawat Suwantaroj (Tailandia).<\/p>\n<div style=\"margin-top: 1em; padding: 56.25% 0 0 0; position: relative;\"><iframe style=\"position: absolute; top: 0; left: 0; width: 100%; height: 100%; border: 1px solid #d8d8d8;\" src=\"https:\/\/player.vimeo.com\/video\/772533986?h=e1ee8699ef&#038;byline=0&#038;portrait=0\" width=\"640\" height=\"360\" frameborder=\"0\" allowfullscreen=\"allowfullscreen\"><\/iframe><\/div>\n<\/div>\n<\/div>\n<\/div>\n<div class=\"card\" style=\"margin-bottom: .5em;\">\n<div id=\"headingSeven\" class=\"card-header\">\n<h5 class=\"mb-0\"><button class=\"btn btn-link btn-acc collapsed\" data-toggle=\"collapse\" data-target=\"#collapseSeven\" aria-expanded=\"false\" aria-controls=\"collapseSeven\">Iniciativas de cabildeo de la Academia de cabildeo del Programa PACT de la FMH<\/button><\/h5>\n<\/div>\n<div id=\"collapseSeven\" class=\"collapse\" aria-labelledby=\"headingSeven\" data-parent=\"#accordion\">\n<div class=\"card-body\">\n<p class=\"\">La sesi\u00f3n destacada de la FMH de la Cumbre mundial sobre pol\u00edticas y acceso a tratamiento 2022 cuenta con la participaci\u00f3n de Salome Mekhuzla (Canad\u00e1), Usama Azam (Pakist\u00e1n), Juan Andr\u00e9s Pereira de Souza (Uruguay), y Megan Adediran (Nigeria).<\/p>\n<div style=\"margin-top: 1em; padding: 56.25% 0 0 0; position: relative;\"><iframe style=\"position: absolute; top: 0; left: 0; width: 100%; height: 100%; border: 1px solid #d8d8d8;\" src=\"https:\/\/player.vimeo.com\/video\/772541474?h=93c87e728c&#038;byline=0&#038;portrait=0\" width=\"640\" height=\"360\" frameborder=\"0\" allowfullscreen=\"allowfullscreen\"><\/iframe><\/div>\n<\/div>\n<\/div>\n<\/div>\n<div class=\"card\" style=\"margin-bottom: .5em;\">\n<div id=\"headingEight\" class=\"card-header\">\n<h5 class=\"mb-0\"><button class=\"btn btn-link btn-acc collapsed\" data-toggle=\"collapse\" data-target=\"#collapseEight\" aria-expanded=\"false\" aria-controls=\"collapseEight\">Abordar las inequidades en el acceso: Panel sobre perspectivas de la industria (panel)<\/button><\/h5>\n<\/div>\n<div id=\"collapseEight\" class=\"collapse\" aria-labelledby=\"headingEight\" data-parent=\"#accordion\">\n<div class=\"card-body\">\n<p class=\"\">Esta sesi\u00f3n educativa de la Cumbre mundial sobre pol\u00edticas y acceso a tratamiento 2022 cuenta con la participaci\u00f3n de Glenn Pierce (Estados Unidos) y Dawn Rotellini (Estados Unidos), al igual que de panelistas de BioMarin, CSL Behring, Kedrion Biopharma, Roche, y Sanofi.<\/p>\n<div style=\"margin-top: 1em; padding: 56.25% 0 0 0; position: relative;\"><iframe style=\"position: absolute; top: 0; left: 0; width: 100%; height: 100%; border: 1px solid #d8d8d8;\" src=\"https:\/\/player.vimeo.com\/video\/772563650?h=940263cf9d&#038;byline=0&#038;portrait=0\" width=\"640\" height=\"360\" frameborder=\"0\" allowfullscreen=\"allowfullscreen\"><\/iframe><\/div>\n<\/div>\n<\/div>\n<\/div>\n<div class=\"card\" style=\"margin-bottom: .5em;\">\n<div id=\"headingNine\" class=\"card-header\">\n<h5 class=\"mb-0\"><button class=\"btn btn-link btn-acc collapsed\" data-toggle=\"collapse\" data-target=\"#collapseNine\" aria-expanded=\"false\" aria-controls=\"collapseNine\">Plenaria de clausura<\/button><\/h5>\n<\/div>\n<div id=\"collapseNine\" class=\"collapse\" aria-labelledby=\"headingNine\" data-parent=\"#accordion\">\n<div class=\"card-body\">\n<p class=\"\">La plenaria de clausura de la Cumbre mundial sobre pol\u00edticas y acceso a tratamiento 2022 cuenta con la participaci\u00f3n de Alain Baumann (Canad\u00e1), Dawn Rotellini (Estados Unidos), y Salome Mekhuzla (Canad\u00e1).<\/p>\n<div style=\"margin-top: 1em; padding: 56.25% 0 0 0; position: relative;\"><iframe style=\"position: absolute; top: 0; left: 0; width: 100%; height: 100%; border: 1px solid #d8d8d8;\" src=\"https:\/\/player.vimeo.com\/video\/773377924?h=d57a7df220&#038;byline=0&#038;portrait=0\" width=\"640\" height=\"360\" frameborder=\"0\" allowfullscreen=\"allowfullscreen\"><\/iframe><\/div>\n<\/div>\n<\/div>\n<\/div>\n<\/div>\n<style>.btn-acc {background:#f7f7f7!important; box-shadow: none!important;text-align:left;white-space:normal;font-size:1em} .btn-acc:focus {color: #0056b3!important;} <\/style>\n<p><script>\ndocument.getElementsByClassName(\"elementor-element-df2f370\")[0].style.display = \"none\";\n<\/script><\/p>\n","protected":false},"featured_media":26229,"template":"","format":[4853],"old-keyword":[],"topic":[3976,3941,3944,3946],"serie":[],"yoast_head":"<!-- This site is optimized with the Yoast SEO plugin v23.4 - https:\/\/yoast.com\/wordpress\/plugins\/seo\/ -->\n<title>Cumbre mundial sobre pol\u00edticas y acceso a tratamiento 2022 - eLearning Platform<\/title>\n<meta name=\"robots\" content=\"index, follow, max-snippet:-1, max-image-preview:large, max-video-preview:-1\" \/>\n<link rel=\"canonical\" href=\"https:\/\/elearning.wfh.org\/es\/resource\/cumbre-mundial-sobre-politicas-y-acceso-a-tratamiento-2022\/\" \/>\n<meta property=\"og:locale\" content=\"es_ES\" \/>\n<meta property=\"og:type\" content=\"article\" \/>\n<meta property=\"og:title\" content=\"Cumbre mundial sobre pol\u00edticas y acceso a tratamiento 2022 - eLearning Platform\" \/>\n<meta property=\"og:description\" content=\"Las presentaciones y conversaciones de la segunda edici\u00f3n de la Cumbre mundial de la FMH sobre pol\u00edticas y acceso a tratamiento (GPAS por su sigla en ingl\u00e9s) giran en torno a la mejora de la atenci\u00f3n y el acceso al tratamiento. Estas cuentan con ponentes y participantes de organizaciones aliadas locales e internacionales, representantes de [&hellip;]\" \/>\n<meta property=\"og:url\" content=\"https:\/\/elearning.wfh.org\/es\/resource\/cumbre-mundial-sobre-politicas-y-acceso-a-tratamiento-2022\/\" \/>\n<meta property=\"og:site_name\" content=\"eLearning Platform\" \/>\n<meta property=\"article:modified_time\" content=\"2024-11-13T16:43:38+00:00\" \/>\n<meta property=\"og:image\" content=\"https:\/\/elearning.wfh.org\/wp-content\/uploads\/2023\/04\/gpas2022-thumbnail-ES.png\" \/>\n\t<meta property=\"og:image:width\" content=\"1200\" \/>\n\t<meta property=\"og:image:height\" content=\"630\" \/>\n\t<meta property=\"og:image:type\" content=\"image\/png\" \/>\n<meta name=\"twitter:card\" content=\"summary_large_image\" \/>\n<meta name=\"twitter:label1\" content=\"Tiempo de lectura\" \/>\n\t<meta name=\"twitter:data1\" content=\"3 minutos\" \/>\n<script type=\"application\/ld+json\" class=\"yoast-schema-graph\">{\"@context\":\"https:\/\/schema.org\",\"@graph\":[{\"@type\":\"WebPage\",\"@id\":\"https:\/\/elearning.wfh.org\/es\/resource\/cumbre-mundial-sobre-politicas-y-acceso-a-tratamiento-2022\/\",\"url\":\"https:\/\/elearning.wfh.org\/es\/resource\/cumbre-mundial-sobre-politicas-y-acceso-a-tratamiento-2022\/\",\"name\":\"Cumbre mundial sobre pol\u00edticas y acceso a tratamiento 2022 - eLearning Platform\",\"isPartOf\":{\"@id\":\"https:\/\/elearning.wfh.org\/es\/#website\"},\"primaryImageOfPage\":{\"@id\":\"https:\/\/elearning.wfh.org\/es\/resource\/cumbre-mundial-sobre-politicas-y-acceso-a-tratamiento-2022\/#primaryimage\"},\"image\":{\"@id\":\"https:\/\/elearning.wfh.org\/es\/resource\/cumbre-mundial-sobre-politicas-y-acceso-a-tratamiento-2022\/#primaryimage\"},\"thumbnailUrl\":\"https:\/\/elearning.wfh.org\/wp-content\/uploads\/2023\/04\/gpas2022-thumbnail-ES.png\",\"datePublished\":\"2023-04-25T15:48:01+00:00\",\"dateModified\":\"2024-11-13T16:43:38+00:00\",\"breadcrumb\":{\"@id\":\"https:\/\/elearning.wfh.org\/es\/resource\/cumbre-mundial-sobre-politicas-y-acceso-a-tratamiento-2022\/#breadcrumb\"},\"inLanguage\":\"es\",\"potentialAction\":[{\"@type\":\"ReadAction\",\"target\":[\"https:\/\/elearning.wfh.org\/es\/resource\/cumbre-mundial-sobre-politicas-y-acceso-a-tratamiento-2022\/\"]}]},{\"@type\":\"ImageObject\",\"inLanguage\":\"es\",\"@id\":\"https:\/\/elearning.wfh.org\/es\/resource\/cumbre-mundial-sobre-politicas-y-acceso-a-tratamiento-2022\/#primaryimage\",\"url\":\"https:\/\/elearning.wfh.org\/wp-content\/uploads\/2023\/04\/gpas2022-thumbnail-ES.png\",\"contentUrl\":\"https:\/\/elearning.wfh.org\/wp-content\/uploads\/2023\/04\/gpas2022-thumbnail-ES.png\",\"width\":1200,\"height\":630},{\"@type\":\"BreadcrumbList\",\"@id\":\"https:\/\/elearning.wfh.org\/es\/resource\/cumbre-mundial-sobre-politicas-y-acceso-a-tratamiento-2022\/#breadcrumb\",\"itemListElement\":[{\"@type\":\"ListItem\",\"position\":1,\"name\":\"Resources\",\"item\":\"https:\/\/elearning.wfh.org\/es\/resource\/\"},{\"@type\":\"ListItem\",\"position\":2,\"name\":\"Cumbre mundial sobre pol\u00edticas y acceso a tratamiento 2022\"}]},{\"@type\":\"WebSite\",\"@id\":\"https:\/\/elearning.wfh.org\/es\/#website\",\"url\":\"https:\/\/elearning.wfh.org\/es\/\",\"name\":\"eLearning Platform\",\"description\":\"World Federation of Hemophilia\",\"publisher\":{\"@id\":\"https:\/\/elearning.wfh.org\/es\/#organization\"},\"potentialAction\":[{\"@type\":\"SearchAction\",\"target\":{\"@type\":\"EntryPoint\",\"urlTemplate\":\"https:\/\/elearning.wfh.org\/es\/?s={search_term_string}\"},\"query-input\":{\"@type\":\"PropertyValueSpecification\",\"valueRequired\":true,\"valueName\":\"search_term_string\"}}],\"inLanguage\":\"es\"},{\"@type\":\"Organization\",\"@id\":\"https:\/\/elearning.wfh.org\/es\/#organization\",\"name\":\"eLearning Platform\",\"url\":\"https:\/\/elearning.wfh.org\/es\/\",\"logo\":{\"@type\":\"ImageObject\",\"inLanguage\":\"es\",\"@id\":\"https:\/\/elearning.wfh.org\/es\/#\/schema\/logo\/image\/\",\"url\":\"https:\/\/elearning.wfh.org\/wp-content\/uploads\/2022\/06\/WFH-eLearning-Logo-RGB.png\",\"contentUrl\":\"https:\/\/elearning.wfh.org\/wp-content\/uploads\/2022\/06\/WFH-eLearning-Logo-RGB.png\",\"width\":1460,\"height\":418,\"caption\":\"eLearning Platform\"},\"image\":{\"@id\":\"https:\/\/elearning.wfh.org\/es\/#\/schema\/logo\/image\/\"}}]}<\/script>\n<!-- \/ Yoast SEO plugin. -->","yoast_head_json":{"title":"Cumbre mundial sobre pol\u00edticas y acceso a tratamiento 2022 - eLearning Platform","robots":{"index":"index","follow":"follow","max-snippet":"max-snippet:-1","max-image-preview":"max-image-preview:large","max-video-preview":"max-video-preview:-1"},"canonical":"https:\/\/elearning.wfh.org\/es\/resource\/cumbre-mundial-sobre-politicas-y-acceso-a-tratamiento-2022\/","og_locale":"es_ES","og_type":"article","og_title":"Cumbre mundial sobre pol\u00edticas y acceso a tratamiento 2022 - eLearning Platform","og_description":"Las presentaciones y conversaciones de la segunda edici\u00f3n de la Cumbre mundial de la FMH sobre pol\u00edticas y acceso a tratamiento (GPAS por su sigla en ingl\u00e9s) giran en torno a la mejora de la atenci\u00f3n y el acceso al tratamiento. Estas cuentan con ponentes y participantes de organizaciones aliadas locales e internacionales, representantes de [&hellip;]","og_url":"https:\/\/elearning.wfh.org\/es\/resource\/cumbre-mundial-sobre-politicas-y-acceso-a-tratamiento-2022\/","og_site_name":"eLearning Platform","article_modified_time":"2024-11-13T16:43:38+00:00","og_image":[{"width":1200,"height":630,"url":"https:\/\/elearning.wfh.org\/wp-content\/uploads\/2023\/04\/gpas2022-thumbnail-ES.png","type":"image\/png"}],"twitter_card":"summary_large_image","twitter_misc":{"Tiempo de lectura":"3 minutos"},"schema":{"@context":"https:\/\/schema.org","@graph":[{"@type":"WebPage","@id":"https:\/\/elearning.wfh.org\/es\/resource\/cumbre-mundial-sobre-politicas-y-acceso-a-tratamiento-2022\/","url":"https:\/\/elearning.wfh.org\/es\/resource\/cumbre-mundial-sobre-politicas-y-acceso-a-tratamiento-2022\/","name":"Cumbre mundial sobre pol\u00edticas y acceso a tratamiento 2022 - eLearning Platform","isPartOf":{"@id":"https:\/\/elearning.wfh.org\/es\/#website"},"primaryImageOfPage":{"@id":"https:\/\/elearning.wfh.org\/es\/resource\/cumbre-mundial-sobre-politicas-y-acceso-a-tratamiento-2022\/#primaryimage"},"image":{"@id":"https:\/\/elearning.wfh.org\/es\/resource\/cumbre-mundial-sobre-politicas-y-acceso-a-tratamiento-2022\/#primaryimage"},"thumbnailUrl":"https:\/\/elearning.wfh.org\/wp-content\/uploads\/2023\/04\/gpas2022-thumbnail-ES.png","datePublished":"2023-04-25T15:48:01+00:00","dateModified":"2024-11-13T16:43:38+00:00","breadcrumb":{"@id":"https:\/\/elearning.wfh.org\/es\/resource\/cumbre-mundial-sobre-politicas-y-acceso-a-tratamiento-2022\/#breadcrumb"},"inLanguage":"es","potentialAction":[{"@type":"ReadAction","target":["https:\/\/elearning.wfh.org\/es\/resource\/cumbre-mundial-sobre-politicas-y-acceso-a-tratamiento-2022\/"]}]},{"@type":"ImageObject","inLanguage":"es","@id":"https:\/\/elearning.wfh.org\/es\/resource\/cumbre-mundial-sobre-politicas-y-acceso-a-tratamiento-2022\/#primaryimage","url":"https:\/\/elearning.wfh.org\/wp-content\/uploads\/2023\/04\/gpas2022-thumbnail-ES.png","contentUrl":"https:\/\/elearning.wfh.org\/wp-content\/uploads\/2023\/04\/gpas2022-thumbnail-ES.png","width":1200,"height":630},{"@type":"BreadcrumbList","@id":"https:\/\/elearning.wfh.org\/es\/resource\/cumbre-mundial-sobre-politicas-y-acceso-a-tratamiento-2022\/#breadcrumb","itemListElement":[{"@type":"ListItem","position":1,"name":"Resources","item":"https:\/\/elearning.wfh.org\/es\/resource\/"},{"@type":"ListItem","position":2,"name":"Cumbre mundial sobre pol\u00edticas y acceso a tratamiento 2022"}]},{"@type":"WebSite","@id":"https:\/\/elearning.wfh.org\/es\/#website","url":"https:\/\/elearning.wfh.org\/es\/","name":"eLearning Platform","description":"World Federation of Hemophilia","publisher":{"@id":"https:\/\/elearning.wfh.org\/es\/#organization"},"potentialAction":[{"@type":"SearchAction","target":{"@type":"EntryPoint","urlTemplate":"https:\/\/elearning.wfh.org\/es\/?s={search_term_string}"},"query-input":{"@type":"PropertyValueSpecification","valueRequired":true,"valueName":"search_term_string"}}],"inLanguage":"es"},{"@type":"Organization","@id":"https:\/\/elearning.wfh.org\/es\/#organization","name":"eLearning Platform","url":"https:\/\/elearning.wfh.org\/es\/","logo":{"@type":"ImageObject","inLanguage":"es","@id":"https:\/\/elearning.wfh.org\/es\/#\/schema\/logo\/image\/","url":"https:\/\/elearning.wfh.org\/wp-content\/uploads\/2022\/06\/WFH-eLearning-Logo-RGB.png","contentUrl":"https:\/\/elearning.wfh.org\/wp-content\/uploads\/2022\/06\/WFH-eLearning-Logo-RGB.png","width":1460,"height":418,"caption":"eLearning Platform"},"image":{"@id":"https:\/\/elearning.wfh.org\/es\/#\/schema\/logo\/image\/"}}]}},"_links":{"self":[{"href":"https:\/\/elearning.wfh.org\/es\/wp-json\/wp\/v2\/resource\/26245"}],"collection":[{"href":"https:\/\/elearning.wfh.org\/es\/wp-json\/wp\/v2\/resource"}],"about":[{"href":"https:\/\/elearning.wfh.org\/es\/wp-json\/wp\/v2\/types\/resource"}],"wp:featuredmedia":[{"embeddable":true,"href":"https:\/\/elearning.wfh.org\/es\/wp-json\/wp\/v2\/media\/26229"}],"wp:attachment":[{"href":"https:\/\/elearning.wfh.org\/es\/wp-json\/wp\/v2\/media?parent=26245"}],"wp:term":[{"taxonomy":"old-keyword","embeddable":true,"href":"https:\/\/elearning.wfh.org\/es\/wp-json\/wp\/v2\/old-keyword?post=26245"},{"taxonomy":"topic","embeddable":true,"href":"https:\/\/elearning.wfh.org\/es\/wp-json\/wp\/v2\/topic?post=26245"},{"taxonomy":"format","embeddable":true,"href":"https:\/\/elearning.wfh.org\/es\/wp-json\/wp\/v2\/format?post=26245"},{"taxonomy":"serie","embeddable":true,"href":"https:\/\/elearning.wfh.org\/es\/wp-json\/wp\/v2\/serie?post=26245"}],"curies":[{"name":"wp","href":"https:\/\/api.w.org\/{rel}","templated":true}]}}