{"id":1381,"date":"2021-12-16T10:35:37","date_gmt":"2021-12-16T14:35:37","guid":{"rendered":"https:\/\/elearning.wfh.org\/resource\/fortalecer-la-atencion-integral-uso-de-datos-para-documentar-el-ejercicio-de-la-medicina-11-de-noviembre-de-2021\/"},"modified":"2022-08-29T13:38:23","modified_gmt":"2022-08-29T17:38:23","slug":"fortalecer-la-atencion-integral-uso-de-datos-para-documentar-el-ejercicio-de-la-medicina-11-de-noviembre-de-2021","status":"publish","type":"resource","link":"https:\/\/elearning.wfh.org\/es\/resource\/fortalecer-la-atencion-integral-uso-de-datos-para-documentar-el-ejercicio-de-la-medicina-11-de-noviembre-de-2021\/","title":{"rendered":"Fortalecer la atenci\u00f3n integral: uso de datos para documentar el ejercicio de la medicina | 11 de Noviembre de 2021"},"content":{"rendered":"<p class=\"\">Escuche este webinario de 90 minutos, titulado <em>Fortalecer la atenci\u00f3n integral: uso de datos para documentar el ejercicio de la medicina<\/em>, presentado el 11 de noviembre de 2021, siendo el \u00faltimo de los tres webinarios de la serie sobre atenci\u00f3n integral del PACT, dise\u00f1ada para ayudar a los centros de tratamiento de hemofilia (CTH) a establecer y fortalecer la atenci\u00f3n integral.<\/p>\n<p class=\"\">La sesi\u00f3n fue moderada por el Dr. Alfonso Iorio y Donna Coffin.<\/p>\n<p class=\"\">Los ponentes que participaron fueron la Dra. Catherine Lambert (Hemat\u00f3loga en la Divisi\u00f3n de Hematolog\u00eda de Cliniques Universitaires en Bruselas), el Dr. N&#8217;dogomo Meit\u00e9 (Hemat\u00f3logo en el Hospital Universidad en Costa de Marfil), Marius Coetzee (Hemat\u00f3logo acad\u00e9mico involucrado en el tema de los trastornos de la coagulaci\u00f3n en Sud\u00e1frica central) y la Dra. Tahira Zafar (Profesor en Hematolog\u00eda y Director del CTH en Pakist\u00e1n).<\/p>\n<p class=\"\">La sesi\u00f3n ofreci\u00f3 informaci\u00f3n pr\u00e1ctica sobre c\u00f3mo utilizar datos para mejorar la administraci\u00f3n de la atenci\u00f3n y perfeccionar la atenci\u00f3n integral, seguido de un periodo de preguntas y respuestas en vivo.<\/p>\n<p class=\"\">La versi\u00f3n original de este webinario de la FMH se present\u00f3 en ingl\u00e9s.<\/p>\n<p class=\"\">Vea la grabaci\u00f3n del primer webinario, <em>Aplicaci\u00f3n de la atenci\u00f3n integral: principios, servicios y funciones clave<\/em> <a href=\"https:\/\/elearning.wfh.org\/es\/resource\/aplicacion-de-la-atencion-integral-principios-servicios-y-funciones-clave-29-de-septiembre-de-2021\/\">aqu\u00ed<\/a>.<\/p>\n<p class=\"\" style=\"margin-bottom: 2em;\">Vea el webinario la grabaci\u00f3n del segundo webinario, <em>Prestaci\u00f3n de la atenci\u00f3n integral: consideraciones pr\u00e1cticas<\/em>\u00a0<a href=\"https:\/\/elearning.wfh.org\/es\/resource\/prestacion-de-atencion-integral-consideraciones-practicas-21-de-octubre-de-2021\/\">aqu\u00ed<\/a>.<\/p>\n<div class=\"alert alert-danger\" style=\"color: #333333!important; border-color: #fedede; background-color: #fdeaea; padding: 1em 1em 1em 4em; position: relative;\">\n<div style=\"bottom: 0; left: 0; position: absolute; top: 0; width: 4em; color: #ff7877;\">\n<p class=\"fa fa-info-circle\" style=\"left: 50%; top: 50%; position: absolute; transform: translate(-50%, -50%); font-size: 1.7em;\">\n<\/div>\n<p class=\"\">La FMH no se compromete en la pr\u00e1ctica de la medicina y en ning\u00fan caso recomienda un tratamiento particular para individuos espec\u00edficos. Para el diagn\u00f3stico o consulta de un problema m\u00e9dico espec\u00edfico, la FMH recomienda que se ponga en contacto con su m\u00e9dico o con el centro de tratamiento local. Antes de administrar cualquier producto, la FMH insta a los pacientes a que comprueben las dosis con un m\u00e9dico o con el personal del centro de hemofilia, y a que consulten las instrucciones impresas de la compa\u00f1\u00eda farmac\u00e9utica.<\/p>\n<p class=\"\">La FMH no promueve ning\u00fan producto farmac\u00e9utico en particular y cualquier menci\u00f3n de una marca comercial en esta presentaci\u00f3n es estrictamente con fines educativos.<\/p>\n<\/div>\n","protected":false},"featured_media":2252,"template":"","format":[3952],"old-keyword":[4118,4113,4123,4116,4115,4122,4111,4110,4114,4117,4121,4120,4124,4119,4112],"topic":[3941],"serie":[],"yoast_head":"<!-- This site is optimized with the Yoast SEO plugin v23.4 - https:\/\/yoast.com\/wordpress\/plugins\/seo\/ -->\n<title>Fortalecer la atenci\u00f3n integral: uso de datos para documentar el ejercicio de la medicina | 11 de Noviembre de 2021 - eLearning Platform<\/title>\n<meta name=\"robots\" content=\"index, follow, max-snippet:-1, max-image-preview:large, max-video-preview:-1\" \/>\n<link rel=\"canonical\" href=\"https:\/\/elearning.wfh.org\/es\/resource\/fortalecer-la-atencion-integral-uso-de-datos-para-documentar-el-ejercicio-de-la-medicina-11-de-noviembre-de-2021\/\" \/>\n<meta property=\"og:locale\" content=\"es_ES\" \/>\n<meta property=\"og:type\" content=\"article\" \/>\n<meta property=\"og:title\" content=\"Fortalecer la atenci\u00f3n integral: uso de datos para documentar el ejercicio de la medicina | 11 de Noviembre de 2021 - eLearning Platform\" \/>\n<meta property=\"og:description\" content=\"Escuche este webinario de 90 minutos, titulado Fortalecer la atenci\u00f3n integral: uso de datos para documentar el ejercicio de la medicina, presentado el 11 de noviembre de 2021, siendo el \u00faltimo de los tres webinarios de la serie sobre atenci\u00f3n integral del PACT, dise\u00f1ada para ayudar a los centros de tratamiento de hemofilia (CTH) a [&hellip;]\" \/>\n<meta property=\"og:url\" content=\"https:\/\/elearning.wfh.org\/es\/resource\/fortalecer-la-atencion-integral-uso-de-datos-para-documentar-el-ejercicio-de-la-medicina-11-de-noviembre-de-2021\/\" \/>\n<meta property=\"og:site_name\" content=\"eLearning Platform\" \/>\n<meta property=\"article:modified_time\" content=\"2022-08-29T17:38:23+00:00\" \/>\n<meta property=\"og:image\" content=\"https:\/\/elearning.wfh.org\/wp-content\/uploads\/2021\/12\/SP-770x410-1.png\" \/>\n\t<meta property=\"og:image:width\" content=\"770\" \/>\n\t<meta property=\"og:image:height\" content=\"410\" \/>\n\t<meta property=\"og:image:type\" content=\"image\/png\" \/>\n<meta name=\"twitter:card\" content=\"summary_large_image\" \/>\n<meta name=\"twitter:label1\" content=\"Tiempo de lectura\" \/>\n\t<meta name=\"twitter:data1\" content=\"2 minutos\" \/>\n<script type=\"application\/ld+json\" class=\"yoast-schema-graph\">{\"@context\":\"https:\/\/schema.org\",\"@graph\":[{\"@type\":\"WebPage\",\"@id\":\"https:\/\/elearning.wfh.org\/es\/resource\/fortalecer-la-atencion-integral-uso-de-datos-para-documentar-el-ejercicio-de-la-medicina-11-de-noviembre-de-2021\/\",\"url\":\"https:\/\/elearning.wfh.org\/es\/resource\/fortalecer-la-atencion-integral-uso-de-datos-para-documentar-el-ejercicio-de-la-medicina-11-de-noviembre-de-2021\/\",\"name\":\"Fortalecer la atenci\u00f3n integral: uso de datos para documentar el ejercicio de la medicina | 11 de Noviembre de 2021 - eLearning Platform\",\"isPartOf\":{\"@id\":\"https:\/\/elearning.wfh.org\/es\/#website\"},\"primaryImageOfPage\":{\"@id\":\"https:\/\/elearning.wfh.org\/es\/resource\/fortalecer-la-atencion-integral-uso-de-datos-para-documentar-el-ejercicio-de-la-medicina-11-de-noviembre-de-2021\/#primaryimage\"},\"image\":{\"@id\":\"https:\/\/elearning.wfh.org\/es\/resource\/fortalecer-la-atencion-integral-uso-de-datos-para-documentar-el-ejercicio-de-la-medicina-11-de-noviembre-de-2021\/#primaryimage\"},\"thumbnailUrl\":\"https:\/\/elearning.wfh.org\/wp-content\/uploads\/2021\/12\/SP-770x410-1.png\",\"datePublished\":\"2021-12-16T14:35:37+00:00\",\"dateModified\":\"2022-08-29T17:38:23+00:00\",\"breadcrumb\":{\"@id\":\"https:\/\/elearning.wfh.org\/es\/resource\/fortalecer-la-atencion-integral-uso-de-datos-para-documentar-el-ejercicio-de-la-medicina-11-de-noviembre-de-2021\/#breadcrumb\"},\"inLanguage\":\"es\",\"potentialAction\":[{\"@type\":\"ReadAction\",\"target\":[\"https:\/\/elearning.wfh.org\/es\/resource\/fortalecer-la-atencion-integral-uso-de-datos-para-documentar-el-ejercicio-de-la-medicina-11-de-noviembre-de-2021\/\"]}]},{\"@type\":\"ImageObject\",\"inLanguage\":\"es\",\"@id\":\"https:\/\/elearning.wfh.org\/es\/resource\/fortalecer-la-atencion-integral-uso-de-datos-para-documentar-el-ejercicio-de-la-medicina-11-de-noviembre-de-2021\/#primaryimage\",\"url\":\"https:\/\/elearning.wfh.org\/wp-content\/uploads\/2021\/12\/SP-770x410-1.png\",\"contentUrl\":\"https:\/\/elearning.wfh.org\/wp-content\/uploads\/2021\/12\/SP-770x410-1.png\",\"width\":770,\"height\":410},{\"@type\":\"BreadcrumbList\",\"@id\":\"https:\/\/elearning.wfh.org\/es\/resource\/fortalecer-la-atencion-integral-uso-de-datos-para-documentar-el-ejercicio-de-la-medicina-11-de-noviembre-de-2021\/#breadcrumb\",\"itemListElement\":[{\"@type\":\"ListItem\",\"position\":1,\"name\":\"Resources\",\"item\":\"https:\/\/elearning.wfh.org\/es\/resource\/\"},{\"@type\":\"ListItem\",\"position\":2,\"name\":\"Fortalecer la atenci\u00f3n integral: uso de datos para documentar el ejercicio de la medicina | 11 de Noviembre de 2021\"}]},{\"@type\":\"WebSite\",\"@id\":\"https:\/\/elearning.wfh.org\/es\/#website\",\"url\":\"https:\/\/elearning.wfh.org\/es\/\",\"name\":\"eLearning Platform\",\"description\":\"World Federation of Hemophilia\",\"publisher\":{\"@id\":\"https:\/\/elearning.wfh.org\/es\/#organization\"},\"potentialAction\":[{\"@type\":\"SearchAction\",\"target\":{\"@type\":\"EntryPoint\",\"urlTemplate\":\"https:\/\/elearning.wfh.org\/es\/?s={search_term_string}\"},\"query-input\":{\"@type\":\"PropertyValueSpecification\",\"valueRequired\":true,\"valueName\":\"search_term_string\"}}],\"inLanguage\":\"es\"},{\"@type\":\"Organization\",\"@id\":\"https:\/\/elearning.wfh.org\/es\/#organization\",\"name\":\"eLearning Platform\",\"url\":\"https:\/\/elearning.wfh.org\/es\/\",\"logo\":{\"@type\":\"ImageObject\",\"inLanguage\":\"es\",\"@id\":\"https:\/\/elearning.wfh.org\/es\/#\/schema\/logo\/image\/\",\"url\":\"https:\/\/elearning.wfh.org\/wp-content\/uploads\/2022\/06\/WFH-eLearning-Logo-RGB.png\",\"contentUrl\":\"https:\/\/elearning.wfh.org\/wp-content\/uploads\/2022\/06\/WFH-eLearning-Logo-RGB.png\",\"width\":1460,\"height\":418,\"caption\":\"eLearning Platform\"},\"image\":{\"@id\":\"https:\/\/elearning.wfh.org\/es\/#\/schema\/logo\/image\/\"}}]}<\/script>\n<!-- \/ Yoast SEO plugin. -->","yoast_head_json":{"title":"Fortalecer la atenci\u00f3n integral: uso de datos para documentar el ejercicio de la medicina | 11 de Noviembre de 2021 - eLearning Platform","robots":{"index":"index","follow":"follow","max-snippet":"max-snippet:-1","max-image-preview":"max-image-preview:large","max-video-preview":"max-video-preview:-1"},"canonical":"https:\/\/elearning.wfh.org\/es\/resource\/fortalecer-la-atencion-integral-uso-de-datos-para-documentar-el-ejercicio-de-la-medicina-11-de-noviembre-de-2021\/","og_locale":"es_ES","og_type":"article","og_title":"Fortalecer la atenci\u00f3n integral: uso de datos para documentar el ejercicio de la medicina | 11 de Noviembre de 2021 - eLearning Platform","og_description":"Escuche este webinario de 90 minutos, titulado Fortalecer la atenci\u00f3n integral: uso de datos para documentar el ejercicio de la medicina, presentado el 11 de noviembre de 2021, siendo el \u00faltimo de los tres webinarios de la serie sobre atenci\u00f3n integral del PACT, dise\u00f1ada para ayudar a los centros de tratamiento de hemofilia (CTH) a [&hellip;]","og_url":"https:\/\/elearning.wfh.org\/es\/resource\/fortalecer-la-atencion-integral-uso-de-datos-para-documentar-el-ejercicio-de-la-medicina-11-de-noviembre-de-2021\/","og_site_name":"eLearning Platform","article_modified_time":"2022-08-29T17:38:23+00:00","og_image":[{"width":770,"height":410,"url":"https:\/\/elearning.wfh.org\/wp-content\/uploads\/2021\/12\/SP-770x410-1.png","type":"image\/png"}],"twitter_card":"summary_large_image","twitter_misc":{"Tiempo de lectura":"2 minutos"},"schema":{"@context":"https:\/\/schema.org","@graph":[{"@type":"WebPage","@id":"https:\/\/elearning.wfh.org\/es\/resource\/fortalecer-la-atencion-integral-uso-de-datos-para-documentar-el-ejercicio-de-la-medicina-11-de-noviembre-de-2021\/","url":"https:\/\/elearning.wfh.org\/es\/resource\/fortalecer-la-atencion-integral-uso-de-datos-para-documentar-el-ejercicio-de-la-medicina-11-de-noviembre-de-2021\/","name":"Fortalecer la atenci\u00f3n integral: uso de datos para documentar el ejercicio de la medicina | 11 de Noviembre de 2021 - eLearning Platform","isPartOf":{"@id":"https:\/\/elearning.wfh.org\/es\/#website"},"primaryImageOfPage":{"@id":"https:\/\/elearning.wfh.org\/es\/resource\/fortalecer-la-atencion-integral-uso-de-datos-para-documentar-el-ejercicio-de-la-medicina-11-de-noviembre-de-2021\/#primaryimage"},"image":{"@id":"https:\/\/elearning.wfh.org\/es\/resource\/fortalecer-la-atencion-integral-uso-de-datos-para-documentar-el-ejercicio-de-la-medicina-11-de-noviembre-de-2021\/#primaryimage"},"thumbnailUrl":"https:\/\/elearning.wfh.org\/wp-content\/uploads\/2021\/12\/SP-770x410-1.png","datePublished":"2021-12-16T14:35:37+00:00","dateModified":"2022-08-29T17:38:23+00:00","breadcrumb":{"@id":"https:\/\/elearning.wfh.org\/es\/resource\/fortalecer-la-atencion-integral-uso-de-datos-para-documentar-el-ejercicio-de-la-medicina-11-de-noviembre-de-2021\/#breadcrumb"},"inLanguage":"es","potentialAction":[{"@type":"ReadAction","target":["https:\/\/elearning.wfh.org\/es\/resource\/fortalecer-la-atencion-integral-uso-de-datos-para-documentar-el-ejercicio-de-la-medicina-11-de-noviembre-de-2021\/"]}]},{"@type":"ImageObject","inLanguage":"es","@id":"https:\/\/elearning.wfh.org\/es\/resource\/fortalecer-la-atencion-integral-uso-de-datos-para-documentar-el-ejercicio-de-la-medicina-11-de-noviembre-de-2021\/#primaryimage","url":"https:\/\/elearning.wfh.org\/wp-content\/uploads\/2021\/12\/SP-770x410-1.png","contentUrl":"https:\/\/elearning.wfh.org\/wp-content\/uploads\/2021\/12\/SP-770x410-1.png","width":770,"height":410},{"@type":"BreadcrumbList","@id":"https:\/\/elearning.wfh.org\/es\/resource\/fortalecer-la-atencion-integral-uso-de-datos-para-documentar-el-ejercicio-de-la-medicina-11-de-noviembre-de-2021\/#breadcrumb","itemListElement":[{"@type":"ListItem","position":1,"name":"Resources","item":"https:\/\/elearning.wfh.org\/es\/resource\/"},{"@type":"ListItem","position":2,"name":"Fortalecer la atenci\u00f3n integral: uso de datos para documentar el ejercicio de la medicina | 11 de Noviembre de 2021"}]},{"@type":"WebSite","@id":"https:\/\/elearning.wfh.org\/es\/#website","url":"https:\/\/elearning.wfh.org\/es\/","name":"eLearning Platform","description":"World Federation of Hemophilia","publisher":{"@id":"https:\/\/elearning.wfh.org\/es\/#organization"},"potentialAction":[{"@type":"SearchAction","target":{"@type":"EntryPoint","urlTemplate":"https:\/\/elearning.wfh.org\/es\/?s={search_term_string}"},"query-input":{"@type":"PropertyValueSpecification","valueRequired":true,"valueName":"search_term_string"}}],"inLanguage":"es"},{"@type":"Organization","@id":"https:\/\/elearning.wfh.org\/es\/#organization","name":"eLearning Platform","url":"https:\/\/elearning.wfh.org\/es\/","logo":{"@type":"ImageObject","inLanguage":"es","@id":"https:\/\/elearning.wfh.org\/es\/#\/schema\/logo\/image\/","url":"https:\/\/elearning.wfh.org\/wp-content\/uploads\/2022\/06\/WFH-eLearning-Logo-RGB.png","contentUrl":"https:\/\/elearning.wfh.org\/wp-content\/uploads\/2022\/06\/WFH-eLearning-Logo-RGB.png","width":1460,"height":418,"caption":"eLearning Platform"},"image":{"@id":"https:\/\/elearning.wfh.org\/es\/#\/schema\/logo\/image\/"}}]}},"_links":{"self":[{"href":"https:\/\/elearning.wfh.org\/es\/wp-json\/wp\/v2\/resource\/1381"}],"collection":[{"href":"https:\/\/elearning.wfh.org\/es\/wp-json\/wp\/v2\/resource"}],"about":[{"href":"https:\/\/elearning.wfh.org\/es\/wp-json\/wp\/v2\/types\/resource"}],"wp:featuredmedia":[{"embeddable":true,"href":"https:\/\/elearning.wfh.org\/es\/wp-json\/wp\/v2\/media\/2252"}],"wp:attachment":[{"href":"https:\/\/elearning.wfh.org\/es\/wp-json\/wp\/v2\/media?parent=1381"}],"wp:term":[{"taxonomy":"old-keyword","embeddable":true,"href":"https:\/\/elearning.wfh.org\/es\/wp-json\/wp\/v2\/old-keyword?post=1381"},{"taxonomy":"topic","embeddable":true,"href":"https:\/\/elearning.wfh.org\/es\/wp-json\/wp\/v2\/topic?post=1381"},{"taxonomy":"format","embeddable":true,"href":"https:\/\/elearning.wfh.org\/es\/wp-json\/wp\/v2\/format?post=1381"},{"taxonomy":"serie","embeddable":true,"href":"https:\/\/elearning.wfh.org\/es\/wp-json\/wp\/v2\/serie?post=1381"}],"curies":[{"name":"wp","href":"https:\/\/api.w.org\/{rel}","templated":true}]}}